{"id":9183,"date":"2024-05-17T09:33:41","date_gmt":"2024-05-17T07:33:41","guid":{"rendered":"https:\/\/centrejujolcannegre.cat\/aviso-legal\/"},"modified":"2025-04-10T15:09:41","modified_gmt":"2025-04-10T13:09:41","slug":"aviso-legal","status":"publish","type":"page","link":"https:\/\/centrejujolcannegre.cat\/es\/aviso-legal\/","title":{"rendered":"Aviso Legal"},"content":{"rendered":"\n<h2 class=\"wp-block-heading\">DATOS IDENTIFICATIVOS DEL SITIO WEB<\/h2>\n\n<p>En cumplimiento de la Ley 34\/2002, de 11 de julio, de Servicios de la Sociedad de la Informaci\u00f3n y de Comercio Electr\u00f3nico, se informa que la titularidad de la p\u00e1gina web http:\/\/www.sjdespi.cat\/ corresponde a la &#8216; Ayuntamiento de Sant Joan Desp\u00ed, siendo \u00e9ste su \u00fanico sitio web oficial.<\/p>\n\n<p>El Ayuntamiento de Sant Joan Desp\u00ed es una administraci\u00f3n p\u00fablica de car\u00e1cter local, con NIF P-0821600-D y domicilio fiscal en: Cam\u00ed del Mig, 9-11 08970 Sant Joan Desp\u00ed (Barcelona). Se puede contactar con el Ayuntamiento llamando al Tel. 93 480 60 00 o enviando un correo electr\u00f3nico a: ajuntament@sjdespi.net<\/p>\n\n<h3 class=\"wp-block-heading\">2. DERECHOS DE PROPIEDAD INTELECTUAL<\/h3>\n\n<p>Los nombres y marcas comerciales o registradas, logotipos u otros signos distintivos son propiedad del Ayuntamiento de Sant Joan Desp\u00ed. Cualquier uso no autorizado previamente por el Ayuntamiento de Sant Joan Desp\u00ed de estos contenidos y todos los dem\u00e1s de la p\u00e1gina web, incluidos bases de datos, programas inform\u00e1ticos, edici\u00f3n, programaci\u00f3n, compilaci\u00f3n y otros elementos necesarios para su funcionamiento, dise\u00f1os, textos y gr\u00e1ficos, ser\u00e1 considerado un incumplimiento grave de los derechos de propiedad intelectual o industrial.<\/p>\n\n<p>En ning\u00fan caso se entender\u00e1 que el acceso y navegaci\u00f3n por este sitio web o la utilizaci\u00f3n de los servicios ofrecidos implica una cesi\u00f3n total o parcial de estos derechos en favor del usuario. Por tanto, queda prohibida la copia, modificaci\u00f3n, reproducci\u00f3n, comunicaci\u00f3n p\u00fablica, transformaci\u00f3n o distribuci\u00f3n por cualquier medio de los contenidos totales o parciales de esta p\u00e1gina web, sin autorizaci\u00f3n previa y expresa de los titulares de los derechos correspondientes.<\/p>\n\n<h3 class=\"wp-block-heading\">3. LIMITACI\u00d3N DE RESPONSABILIDADES  <\/h3>\n\n<p>De acuerdo con lo que establece la Ley 34\/2002, de 11 de julio, de Servicios de la Sociedad de la Informaci\u00f3n y del Comercio Electr\u00f3nico, la informaci\u00f3n difundida por esta p\u00e1gina web se realiza a t\u00edtulo puramente informativo.<\/p>\n\n<p>Con objeto de facilitar el acceso a informaci\u00f3n que pueda resultar de inter\u00e9s, el Ayuntamiento de Sant Joan Desp\u00ed puede incluir en su p\u00e1gina web enlaces a p\u00e1ginas de terceros. Sin embargo, no se hace responsable de las informaciones comerciales contenidas en estos sitios o de cualquiera de los servicios o pr\u00e1cticas que se vinculen o relacionen con las p\u00e1ginas web enlazadas, ya que esto est\u00e1 fuera de su control.<\/p>\n\n<p>El Ayuntamiento de Sant Joan Desp\u00ed no se responsabiliza de los da\u00f1os o perjuicios derivados del uso de esta p\u00e1gina web ni de cualquier infracci\u00f3n de las condiciones, normas e instrucciones establecidas en este Aviso Legal.<\/p>\n\n<p>El Ayuntamiento de Sant Joan Desp\u00ed no garantiza la ausencia de virus y\/u otros elementos lesivos en esta p\u00e1gina web y el servidor que la suministra, ni la invulnerabilidad de la misma. De acuerdo con lo anterior, no se hace responsable de los da\u00f1os y perjuicios que estos elementos puedan ocasionar al usuario oa terceros.<\/p>\n\n<p>El Ayuntamiento de Sant Joan Desp\u00ed no garantiza la aplicaci\u00f3n de este Aviso Legal en los accesos mediante enlaces de terceros a esta p\u00e1gina web, ni los enlaces de esta p\u00e1gina web a otras webs. De acuerdo con esto y con lo que prev\u00e9 la Ley 34\/2002, de 11 de julio, de Servicios de la Sociedad de la Informaci\u00f3n y Comercio Electr\u00f3nico, todo enlace de terceros a esta p\u00e1gina web deber\u00e1 hacerse en su web p\u00e1gina principal o de entrada y no podr\u00e1n realizar ninguna modificaci\u00f3n, limitaci\u00f3n o realizar ning\u00fan tipo de manifestaci\u00f3n sobre la p\u00e1gina web comprometi\u00e9ndose a cumplir con el resto de previsiones de esta normativa.<\/p>\n\n<p>El Ayuntamiento de Sant Joan Desp\u00ed no se hace responsable del uso fraudulento de la informaci\u00f3n contenida en este sitio web y se reserva la eventual utilizaci\u00f3n de las medidas legales pertinentes para la protecci\u00f3n de su imagen o intereses.<\/p>\n\n<h3 class=\"wp-block-heading\">4. JURISDICCI\u00d3N Y LEYES APLICABLES<\/h3>\n\n<p>Este sitio web se rige por las leyes espa\u00f1olas independientemente del entorno legal del usuario, y cualquier litigio que se suscite se dirimir\u00e1 en los tribunales espa\u00f1oles.<\/p>\n","protected":false},"excerpt":{"rendered":"<p>DATOS IDENTIFICATIVOS DEL SITIO WEB En cumplimiento de la Ley 34\/2002, de 11 de julio, de Servicios de la Sociedad de la Informaci\u00f3n y de Comercio Electr\u00f3nico, se informa que la titularidad de la p\u00e1gina web http:\/\/www.sjdespi.cat\/ corresponde a la &#8216; Ayuntamiento de Sant Joan Desp\u00ed, siendo \u00e9ste su \u00fanico sitio web oficial. El Ayuntamiento&#8230;<\/p>\n","protected":false},"author":1,"featured_media":0,"parent":0,"menu_order":0,"comment_status":"closed","ping_status":"closed","template":"","meta":{"inline_featured_image":false,"_kad_blocks_custom_css":"","_kad_blocks_head_custom_js":"","_kad_blocks_body_custom_js":"","_kad_blocks_footer_custom_js":"","_kad_post_transparent":"","_kad_post_title":"","_kad_post_layout":"","_kad_post_sidebar_id":"","_kad_post_content_style":"","_kad_post_vertical_padding":"","_kad_post_feature":"","_kad_post_feature_position":"","_kad_post_header":false,"_kad_post_footer":false,"_kad_post_classname":"","footnotes":""},"class_list":["post-9183","page","type-page","status-publish","hentry"],"yoast_head":"<!-- This site is optimized with the Yoast SEO plugin v27.5 - https:\/\/yoast.com\/product\/yoast-seo-wordpress\/ -->\n<title>Aviso Legal - Plataforma Centre Jujol - Can Negre<\/title>\n<meta name=\"robots\" content=\"noindex, nofollow\" \/>\n<meta property=\"og:locale\" content=\"es_ES\" \/>\n<meta property=\"og:type\" content=\"article\" \/>\n<meta property=\"og:title\" content=\"Aviso Legal - Plataforma Centre Jujol - Can Negre\" \/>\n<meta property=\"og:description\" content=\"DATOS IDENTIFICATIVOS DEL SITIO WEB En cumplimiento de la Ley 34\/2002, de 11 de julio, de Servicios de la Sociedad de la Informaci\u00f3n y de Comercio Electr\u00f3nico, se informa que la titularidad de la p\u00e1gina web http:\/\/www.sjdespi.cat\/ corresponde a la &#8216; Ayuntamiento de Sant Joan Desp\u00ed, siendo \u00e9ste su \u00fanico sitio web oficial. El Ayuntamiento...\" \/>\n<meta property=\"og:url\" content=\"https:\/\/centrejujolcannegre.cat\/es\/aviso-legal\/\" \/>\n<meta property=\"og:site_name\" content=\"Plataforma Centre Jujol - Can Negre\" \/>\n<meta property=\"article:publisher\" content=\"https:\/\/www.facebook.com\/cannegre\" \/>\n<meta property=\"article:modified_time\" content=\"2025-04-10T13:09:41+00:00\" \/>\n<meta name=\"twitter:card\" content=\"summary_large_image\" \/>\n<meta name=\"twitter:site\" content=\"@cannegresjd\" \/>\n<meta name=\"twitter:label1\" content=\"Tiempo de lectura\" \/>\n\t<meta name=\"twitter:data1\" content=\"3 minutos\" \/>\n<script type=\"application\/ld+json\" class=\"yoast-schema-graph\">{\"@context\":\"https:\\\/\\\/schema.org\",\"@graph\":[{\"@type\":\"WebPage\",\"@id\":\"https:\\\/\\\/centrejujolcannegre.cat\\\/es\\\/aviso-legal\\\/\",\"url\":\"https:\\\/\\\/centrejujolcannegre.cat\\\/es\\\/aviso-legal\\\/\",\"name\":\"Aviso Legal - Plataforma Centre Jujol - Can Negre\",\"isPartOf\":{\"@id\":\"https:\\\/\\\/centrejujolcannegre.cat\\\/es\\\/#website\"},\"datePublished\":\"2024-05-17T07:33:41+00:00\",\"dateModified\":\"2025-04-10T13:09:41+00:00\",\"breadcrumb\":{\"@id\":\"https:\\\/\\\/centrejujolcannegre.cat\\\/es\\\/aviso-legal\\\/#breadcrumb\"},\"inLanguage\":\"es\",\"potentialAction\":[{\"@type\":\"ReadAction\",\"target\":[\"https:\\\/\\\/centrejujolcannegre.cat\\\/es\\\/aviso-legal\\\/\"]}]},{\"@type\":\"BreadcrumbList\",\"@id\":\"https:\\\/\\\/centrejujolcannegre.cat\\\/es\\\/aviso-legal\\\/#breadcrumb\",\"itemListElement\":[{\"@type\":\"ListItem\",\"position\":1,\"name\":\"Portada\",\"item\":\"https:\\\/\\\/centrejujolcannegre.cat\\\/es\\\/\"},{\"@type\":\"ListItem\",\"position\":2,\"name\":\"Aviso Legal\"}]},{\"@type\":\"WebSite\",\"@id\":\"https:\\\/\\\/centrejujolcannegre.cat\\\/es\\\/#website\",\"url\":\"https:\\\/\\\/centrejujolcannegre.cat\\\/es\\\/\",\"name\":\"Plataforma Centre Jujol - Can Negre\",\"description\":\"Plataforma de venta d&#039;entradas d&#039;activitats, exposicions i circuits culturals a Museus i l&#039;Escola d&#039;Art de de Sant Joan Desp\u00ed\",\"publisher\":{\"@id\":\"https:\\\/\\\/centrejujolcannegre.cat\\\/es\\\/#organization\"},\"potentialAction\":[{\"@type\":\"SearchAction\",\"target\":{\"@type\":\"EntryPoint\",\"urlTemplate\":\"https:\\\/\\\/centrejujolcannegre.cat\\\/es\\\/?s={search_term_string}\"},\"query-input\":{\"@type\":\"PropertyValueSpecification\",\"valueRequired\":true,\"valueName\":\"search_term_string\"}}],\"inLanguage\":\"es\"},{\"@type\":\"Organization\",\"@id\":\"https:\\\/\\\/centrejujolcannegre.cat\\\/es\\\/#organization\",\"name\":\"Centre Jujol - Can Negre\",\"url\":\"https:\\\/\\\/centrejujolcannegre.cat\\\/es\\\/\",\"logo\":{\"@type\":\"ImageObject\",\"inLanguage\":\"es\",\"@id\":\"https:\\\/\\\/centrejujolcannegre.cat\\\/es\\\/#\\\/schema\\\/logo\\\/image\\\/\",\"url\":\"https:\\\/\\\/centrejujolcannegre.cat\\\/wp-content\\\/uploads\\\/2024\\\/05\\\/logo-centre-jujol-can-negre.svg\",\"contentUrl\":\"https:\\\/\\\/centrejujolcannegre.cat\\\/wp-content\\\/uploads\\\/2024\\\/05\\\/logo-centre-jujol-can-negre.svg\",\"caption\":\"Centre Jujol - Can Negre\"},\"image\":{\"@id\":\"https:\\\/\\\/centrejujolcannegre.cat\\\/es\\\/#\\\/schema\\\/logo\\\/image\\\/\"},\"sameAs\":[\"https:\\\/\\\/www.facebook.com\\\/cannegre\",\"https:\\\/\\\/x.com\\\/cannegresjd\"]}]}<\/script>\n<!-- \/ Yoast SEO plugin. -->","yoast_head_json":{"title":"Aviso Legal - Plataforma Centre Jujol - Can Negre","robots":{"index":"noindex","follow":"nofollow"},"og_locale":"es_ES","og_type":"article","og_title":"Aviso Legal - Plataforma Centre Jujol - Can Negre","og_description":"DATOS IDENTIFICATIVOS DEL SITIO WEB En cumplimiento de la Ley 34\/2002, de 11 de julio, de Servicios de la Sociedad de la Informaci\u00f3n y de Comercio Electr\u00f3nico, se informa que la titularidad de la p\u00e1gina web http:\/\/www.sjdespi.cat\/ corresponde a la &#8216; Ayuntamiento de Sant Joan Desp\u00ed, siendo \u00e9ste su \u00fanico sitio web oficial. El Ayuntamiento...","og_url":"https:\/\/centrejujolcannegre.cat\/es\/aviso-legal\/","og_site_name":"Plataforma Centre Jujol - Can Negre","article_publisher":"https:\/\/www.facebook.com\/cannegre","article_modified_time":"2025-04-10T13:09:41+00:00","twitter_card":"summary_large_image","twitter_site":"@cannegresjd","twitter_misc":{"Tiempo de lectura":"3 minutos"},"schema":{"@context":"https:\/\/schema.org","@graph":[{"@type":"WebPage","@id":"https:\/\/centrejujolcannegre.cat\/es\/aviso-legal\/","url":"https:\/\/centrejujolcannegre.cat\/es\/aviso-legal\/","name":"Aviso Legal - Plataforma Centre Jujol - Can Negre","isPartOf":{"@id":"https:\/\/centrejujolcannegre.cat\/es\/#website"},"datePublished":"2024-05-17T07:33:41+00:00","dateModified":"2025-04-10T13:09:41+00:00","breadcrumb":{"@id":"https:\/\/centrejujolcannegre.cat\/es\/aviso-legal\/#breadcrumb"},"inLanguage":"es","potentialAction":[{"@type":"ReadAction","target":["https:\/\/centrejujolcannegre.cat\/es\/aviso-legal\/"]}]},{"@type":"BreadcrumbList","@id":"https:\/\/centrejujolcannegre.cat\/es\/aviso-legal\/#breadcrumb","itemListElement":[{"@type":"ListItem","position":1,"name":"Portada","item":"https:\/\/centrejujolcannegre.cat\/es\/"},{"@type":"ListItem","position":2,"name":"Aviso Legal"}]},{"@type":"WebSite","@id":"https:\/\/centrejujolcannegre.cat\/es\/#website","url":"https:\/\/centrejujolcannegre.cat\/es\/","name":"Plataforma Centre Jujol - Can Negre","description":"Plataforma de venta d&#039;entradas d&#039;activitats, exposicions i circuits culturals a Museus i l&#039;Escola d&#039;Art de de Sant Joan Desp\u00ed","publisher":{"@id":"https:\/\/centrejujolcannegre.cat\/es\/#organization"},"potentialAction":[{"@type":"SearchAction","target":{"@type":"EntryPoint","urlTemplate":"https:\/\/centrejujolcannegre.cat\/es\/?s={search_term_string}"},"query-input":{"@type":"PropertyValueSpecification","valueRequired":true,"valueName":"search_term_string"}}],"inLanguage":"es"},{"@type":"Organization","@id":"https:\/\/centrejujolcannegre.cat\/es\/#organization","name":"Centre Jujol - Can Negre","url":"https:\/\/centrejujolcannegre.cat\/es\/","logo":{"@type":"ImageObject","inLanguage":"es","@id":"https:\/\/centrejujolcannegre.cat\/es\/#\/schema\/logo\/image\/","url":"https:\/\/centrejujolcannegre.cat\/wp-content\/uploads\/2024\/05\/logo-centre-jujol-can-negre.svg","contentUrl":"https:\/\/centrejujolcannegre.cat\/wp-content\/uploads\/2024\/05\/logo-centre-jujol-can-negre.svg","caption":"Centre Jujol - Can Negre"},"image":{"@id":"https:\/\/centrejujolcannegre.cat\/es\/#\/schema\/logo\/image\/"},"sameAs":["https:\/\/www.facebook.com\/cannegre","https:\/\/x.com\/cannegresjd"]}]}},"taxonomy_info":[],"featured_image_src_large":false,"author_info":{"display_name":"empiezapori","author_link":"https:\/\/centrejujolcannegre.cat\/es\/author\/empiezapori\/"},"comment_info":0,"_links":{"self":[{"href":"https:\/\/centrejujolcannegre.cat\/es\/wp-json\/wp\/v2\/pages\/9183","targetHints":{"allow":["GET"]}}],"collection":[{"href":"https:\/\/centrejujolcannegre.cat\/es\/wp-json\/wp\/v2\/pages"}],"about":[{"href":"https:\/\/centrejujolcannegre.cat\/es\/wp-json\/wp\/v2\/types\/page"}],"author":[{"embeddable":true,"href":"https:\/\/centrejujolcannegre.cat\/es\/wp-json\/wp\/v2\/users\/1"}],"replies":[{"embeddable":true,"href":"https:\/\/centrejujolcannegre.cat\/es\/wp-json\/wp\/v2\/comments?post=9183"}],"version-history":[{"count":1,"href":"https:\/\/centrejujolcannegre.cat\/es\/wp-json\/wp\/v2\/pages\/9183\/revisions"}],"predecessor-version":[{"id":9184,"href":"https:\/\/centrejujolcannegre.cat\/es\/wp-json\/wp\/v2\/pages\/9183\/revisions\/9184"}],"wp:attachment":[{"href":"https:\/\/centrejujolcannegre.cat\/es\/wp-json\/wp\/v2\/media?parent=9183"}],"curies":[{"name":"wp","href":"https:\/\/api.w.org\/{rel}","templated":true}]}}