{"id":9850,"date":"2025-02-11T13:39:29","date_gmt":"2025-02-11T12:39:29","guid":{"rendered":"https:\/\/centrejujolcannegre.cat\/?post_type=product&#038;p=9850"},"modified":"2025-04-02T12:16:11","modified_gmt":"2025-04-02T10:16:11","slug":"oficios-antiguos-de-sant-joan-despi-sabados-domingos-y-festivos-copia","status":"publish","type":"product","link":"https:\/\/centrejujolcannegre.cat\/es\/producto\/oficios-antiguos-de-sant-joan-despi-sabados-domingos-y-festivos-copia\/","title":{"rendered":"Mas\u00edas hist\u00f3ricas de Sant Joan Desp\u00ed (s\u00e1bados, domingos y festivos)"},"content":{"rendered":"<p>Visita guiada para conocer la estructura de las mas\u00edas y el pasado agr\u00edcola de Sant Joan Desp\u00ed, haciendo un recorrido por las mas\u00edas antiguas de la ciudad. Conoceremos la historia, entre otras, de Can Maluquer, Can Po Cardona, Cal Maset, Can Felip o Can Codina. <\/p>\n","protected":false},"excerpt":{"rendered":"<p>Visita para conocer la estructura de las mas\u00edas y recorrido por Sant Joan Desp\u00ed, descubriendo su pasado arquitect\u00f3nico.<\/p>\n","protected":false},"featured_media":14398,"template":"","meta":{"inline_featured_image":false,"_kad_blocks_custom_css":"","_kad_blocks_head_custom_js":"","_kad_blocks_body_custom_js":"","_kad_blocks_footer_custom_js":"","_kad_post_transparent":"","_kad_post_title":"","_kad_post_layout":"","_kad_post_sidebar_id":"","_kad_post_content_style":"","_kad_post_vertical_padding":"","_kad_post_feature":"","_kad_post_feature_position":"","_kad_post_header":false,"_kad_post_footer":false,"_kad_post_classname":""},"product_brand":[],"product_cat":[361],"product_tag":[],"class_list":{"0":"post-9850","1":"product","2":"type-product","3":"status-publish","4":"has-post-thumbnail","6":"product_cat-otras-rutas-festivo","8":"first","9":"instock","10":"virtual","11":"sold-individually","12":"purchasable","13":"product-type-booking","14":"entry","15":"content-bg","16":"loop-entry"},"booking_location":"","booking_location_type":"","booking_duration":120,"booking_duration_unit":"minute","booking_buffer":30,"booking_cost":0,"booking_resources":[8450,8452],"exclude_global_add_ons":[],"addons":[],"yoast_head":"<!-- This site is optimized with the Yoast SEO plugin v27.5 - https:\/\/yoast.com\/product\/yoast-seo-wordpress\/ -->\n<title>Mas\u00edas hist\u00f3ricas de Sant Joan Desp\u00ed (s\u00e1bados, domingos y festivos) - Plataforma Centre Jujol - Can Negre<\/title>\n<meta name=\"robots\" content=\"index, follow, max-snippet:-1, max-image-preview:large, max-video-preview:-1\" \/>\n<link rel=\"canonical\" href=\"https:\/\/centrejujolcannegre.cat\/es\/producto\/oficios-antiguos-de-sant-joan-despi-sabados-domingos-y-festivos-copia\/\" \/>\n<meta property=\"og:locale\" content=\"es_ES\" \/>\n<meta property=\"og:type\" content=\"article\" \/>\n<meta property=\"og:title\" content=\"Mas\u00edas hist\u00f3ricas de Sant Joan Desp\u00ed (s\u00e1bados, domingos y festivos) - Plataforma Centre Jujol - Can Negre\" \/>\n<meta property=\"og:description\" content=\"Visita para conocer la estructura de las mas\u00edas y recorrido por Sant Joan Desp\u00ed, descubriendo su pasado arquitect\u00f3nico.\" \/>\n<meta property=\"og:url\" content=\"https:\/\/centrejujolcannegre.cat\/es\/producto\/oficios-antiguos-de-sant-joan-despi-sabados-domingos-y-festivos-copia\/\" \/>\n<meta property=\"og:site_name\" content=\"Plataforma Centre Jujol - Can Negre\" \/>\n<meta property=\"article:publisher\" content=\"https:\/\/www.facebook.com\/cannegre\" \/>\n<meta property=\"article:modified_time\" content=\"2025-04-02T10:16:11+00:00\" \/>\n<meta property=\"og:image\" content=\"https:\/\/centrejujolcannegre.cat\/wp-content\/uploads\/2023\/02\/Caminada-cultural-el-mon-de-les-masies.jpg\" \/>\n\t<meta property=\"og:image:width\" content=\"670\" \/>\n\t<meta property=\"og:image:height\" content=\"485\" \/>\n\t<meta property=\"og:image:type\" content=\"image\/jpeg\" \/>\n<meta name=\"twitter:card\" content=\"summary_large_image\" \/>\n<meta name=\"twitter:site\" content=\"@cannegresjd\" \/>\n<script type=\"application\/ld+json\" class=\"yoast-schema-graph\">{\"@context\":\"https:\\\/\\\/schema.org\",\"@graph\":[{\"@type\":\"WebPage\",\"@id\":\"https:\\\/\\\/centrejujolcannegre.cat\\\/es\\\/producto\\\/oficios-antiguos-de-sant-joan-despi-sabados-domingos-y-festivos-copia\\\/\",\"url\":\"https:\\\/\\\/centrejujolcannegre.cat\\\/es\\\/producto\\\/oficios-antiguos-de-sant-joan-despi-sabados-domingos-y-festivos-copia\\\/\",\"name\":\"Mas\u00edas hist\u00f3ricas de Sant Joan Desp\u00ed (s\u00e1bados, domingos y festivos) - Plataforma Centre Jujol - Can Negre\",\"isPartOf\":{\"@id\":\"https:\\\/\\\/centrejujolcannegre.cat\\\/es\\\/#website\"},\"primaryImageOfPage\":{\"@id\":\"https:\\\/\\\/centrejujolcannegre.cat\\\/es\\\/producto\\\/oficios-antiguos-de-sant-joan-despi-sabados-domingos-y-festivos-copia\\\/#primaryimage\"},\"image\":{\"@id\":\"https:\\\/\\\/centrejujolcannegre.cat\\\/es\\\/producto\\\/oficios-antiguos-de-sant-joan-despi-sabados-domingos-y-festivos-copia\\\/#primaryimage\"},\"thumbnailUrl\":\"https:\\\/\\\/centrejujolcannegre.cat\\\/wp-content\\\/uploads\\\/2025\\\/02\\\/WhatsApp-Image-2024-12-20-at-17.18.49-7-2.jpeg\",\"datePublished\":\"2025-02-11T12:39:29+00:00\",\"dateModified\":\"2025-04-02T10:16:11+00:00\",\"breadcrumb\":{\"@id\":\"https:\\\/\\\/centrejujolcannegre.cat\\\/es\\\/producto\\\/oficios-antiguos-de-sant-joan-despi-sabados-domingos-y-festivos-copia\\\/#breadcrumb\"},\"inLanguage\":\"es\",\"potentialAction\":[{\"@type\":\"ReadAction\",\"target\":[\"https:\\\/\\\/centrejujolcannegre.cat\\\/es\\\/producto\\\/oficios-antiguos-de-sant-joan-despi-sabados-domingos-y-festivos-copia\\\/\"]}]},{\"@type\":\"ImageObject\",\"inLanguage\":\"es\",\"@id\":\"https:\\\/\\\/centrejujolcannegre.cat\\\/es\\\/producto\\\/oficios-antiguos-de-sant-joan-despi-sabados-domingos-y-festivos-copia\\\/#primaryimage\",\"url\":\"https:\\\/\\\/centrejujolcannegre.cat\\\/wp-content\\\/uploads\\\/2025\\\/02\\\/WhatsApp-Image-2024-12-20-at-17.18.49-7-2.jpeg\",\"contentUrl\":\"https:\\\/\\\/centrejujolcannegre.cat\\\/wp-content\\\/uploads\\\/2025\\\/02\\\/WhatsApp-Image-2024-12-20-at-17.18.49-7-2.jpeg\",\"width\":1600,\"height\":1200},{\"@type\":\"BreadcrumbList\",\"@id\":\"https:\\\/\\\/centrejujolcannegre.cat\\\/es\\\/producto\\\/oficios-antiguos-de-sant-joan-despi-sabados-domingos-y-festivos-copia\\\/#breadcrumb\",\"itemListElement\":[{\"@type\":\"ListItem\",\"position\":1,\"name\":\"Portada\",\"item\":\"https:\\\/\\\/centrejujolcannegre.cat\\\/es\\\/\"},{\"@type\":\"ListItem\",\"position\":2,\"name\":\"Centro\",\"item\":\"https:\\\/\\\/centrejujolcannegre.cat\\\/es\\\/centro\\\/\"},{\"@type\":\"ListItem\",\"position\":3,\"name\":\"Mas\u00edas hist\u00f3ricas de Sant Joan Desp\u00ed (s\u00e1bados, domingos y festivos)\"}]},{\"@type\":\"WebSite\",\"@id\":\"https:\\\/\\\/centrejujolcannegre.cat\\\/es\\\/#website\",\"url\":\"https:\\\/\\\/centrejujolcannegre.cat\\\/es\\\/\",\"name\":\"Plataforma Centre Jujol - Can Negre\",\"description\":\"Plataforma de venta d&#039;entradas d&#039;activitats, exposicions i circuits culturals a Museus i l&#039;Escola d&#039;Art de de Sant Joan Desp\u00ed\",\"publisher\":{\"@id\":\"https:\\\/\\\/centrejujolcannegre.cat\\\/es\\\/#organization\"},\"potentialAction\":[{\"@type\":\"SearchAction\",\"target\":{\"@type\":\"EntryPoint\",\"urlTemplate\":\"https:\\\/\\\/centrejujolcannegre.cat\\\/es\\\/?s={search_term_string}\"},\"query-input\":{\"@type\":\"PropertyValueSpecification\",\"valueRequired\":true,\"valueName\":\"search_term_string\"}}],\"inLanguage\":\"es\"},{\"@type\":\"Organization\",\"@id\":\"https:\\\/\\\/centrejujolcannegre.cat\\\/es\\\/#organization\",\"name\":\"Centre Jujol - Can Negre\",\"url\":\"https:\\\/\\\/centrejujolcannegre.cat\\\/es\\\/\",\"logo\":{\"@type\":\"ImageObject\",\"inLanguage\":\"es\",\"@id\":\"https:\\\/\\\/centrejujolcannegre.cat\\\/es\\\/#\\\/schema\\\/logo\\\/image\\\/\",\"url\":\"https:\\\/\\\/centrejujolcannegre.cat\\\/wp-content\\\/uploads\\\/2024\\\/05\\\/logo-centre-jujol-can-negre.svg\",\"contentUrl\":\"https:\\\/\\\/centrejujolcannegre.cat\\\/wp-content\\\/uploads\\\/2024\\\/05\\\/logo-centre-jujol-can-negre.svg\",\"caption\":\"Centre Jujol - Can Negre\"},\"image\":{\"@id\":\"https:\\\/\\\/centrejujolcannegre.cat\\\/es\\\/#\\\/schema\\\/logo\\\/image\\\/\"},\"sameAs\":[\"https:\\\/\\\/www.facebook.com\\\/cannegre\",\"https:\\\/\\\/x.com\\\/cannegresjd\"]}]}<\/script>\n<!-- \/ Yoast SEO plugin. -->","yoast_head_json":{"title":"Mas\u00edas hist\u00f3ricas de Sant Joan Desp\u00ed (s\u00e1bados, domingos y festivos) - Plataforma Centre Jujol - Can Negre","robots":{"index":"index","follow":"follow","max-snippet":"max-snippet:-1","max-image-preview":"max-image-preview:large","max-video-preview":"max-video-preview:-1"},"canonical":"https:\/\/centrejujolcannegre.cat\/es\/producto\/oficios-antiguos-de-sant-joan-despi-sabados-domingos-y-festivos-copia\/","og_locale":"es_ES","og_type":"article","og_title":"Mas\u00edas hist\u00f3ricas de Sant Joan Desp\u00ed (s\u00e1bados, domingos y festivos) - Plataforma Centre Jujol - Can Negre","og_description":"Visita para conocer la estructura de las mas\u00edas y recorrido por Sant Joan Desp\u00ed, descubriendo su pasado arquitect\u00f3nico.","og_url":"https:\/\/centrejujolcannegre.cat\/es\/producto\/oficios-antiguos-de-sant-joan-despi-sabados-domingos-y-festivos-copia\/","og_site_name":"Plataforma Centre Jujol - Can Negre","article_publisher":"https:\/\/www.facebook.com\/cannegre","article_modified_time":"2025-04-02T10:16:11+00:00","og_image":[{"width":670,"height":485,"url":"https:\/\/centrejujolcannegre.cat\/wp-content\/uploads\/2023\/02\/Caminada-cultural-el-mon-de-les-masies.jpg","type":"image\/jpeg"}],"twitter_card":"summary_large_image","twitter_site":"@cannegresjd","schema":{"@context":"https:\/\/schema.org","@graph":[{"@type":"WebPage","@id":"https:\/\/centrejujolcannegre.cat\/es\/producto\/oficios-antiguos-de-sant-joan-despi-sabados-domingos-y-festivos-copia\/","url":"https:\/\/centrejujolcannegre.cat\/es\/producto\/oficios-antiguos-de-sant-joan-despi-sabados-domingos-y-festivos-copia\/","name":"Mas\u00edas hist\u00f3ricas de Sant Joan Desp\u00ed (s\u00e1bados, domingos y festivos) - Plataforma Centre Jujol - Can Negre","isPartOf":{"@id":"https:\/\/centrejujolcannegre.cat\/es\/#website"},"primaryImageOfPage":{"@id":"https:\/\/centrejujolcannegre.cat\/es\/producto\/oficios-antiguos-de-sant-joan-despi-sabados-domingos-y-festivos-copia\/#primaryimage"},"image":{"@id":"https:\/\/centrejujolcannegre.cat\/es\/producto\/oficios-antiguos-de-sant-joan-despi-sabados-domingos-y-festivos-copia\/#primaryimage"},"thumbnailUrl":"https:\/\/centrejujolcannegre.cat\/wp-content\/uploads\/2025\/02\/WhatsApp-Image-2024-12-20-at-17.18.49-7-2.jpeg","datePublished":"2025-02-11T12:39:29+00:00","dateModified":"2025-04-02T10:16:11+00:00","breadcrumb":{"@id":"https:\/\/centrejujolcannegre.cat\/es\/producto\/oficios-antiguos-de-sant-joan-despi-sabados-domingos-y-festivos-copia\/#breadcrumb"},"inLanguage":"es","potentialAction":[{"@type":"ReadAction","target":["https:\/\/centrejujolcannegre.cat\/es\/producto\/oficios-antiguos-de-sant-joan-despi-sabados-domingos-y-festivos-copia\/"]}]},{"@type":"ImageObject","inLanguage":"es","@id":"https:\/\/centrejujolcannegre.cat\/es\/producto\/oficios-antiguos-de-sant-joan-despi-sabados-domingos-y-festivos-copia\/#primaryimage","url":"https:\/\/centrejujolcannegre.cat\/wp-content\/uploads\/2025\/02\/WhatsApp-Image-2024-12-20-at-17.18.49-7-2.jpeg","contentUrl":"https:\/\/centrejujolcannegre.cat\/wp-content\/uploads\/2025\/02\/WhatsApp-Image-2024-12-20-at-17.18.49-7-2.jpeg","width":1600,"height":1200},{"@type":"BreadcrumbList","@id":"https:\/\/centrejujolcannegre.cat\/es\/producto\/oficios-antiguos-de-sant-joan-despi-sabados-domingos-y-festivos-copia\/#breadcrumb","itemListElement":[{"@type":"ListItem","position":1,"name":"Portada","item":"https:\/\/centrejujolcannegre.cat\/es\/"},{"@type":"ListItem","position":2,"name":"Centro","item":"https:\/\/centrejujolcannegre.cat\/es\/centro\/"},{"@type":"ListItem","position":3,"name":"Mas\u00edas hist\u00f3ricas de Sant Joan Desp\u00ed (s\u00e1bados, domingos y festivos)"}]},{"@type":"WebSite","@id":"https:\/\/centrejujolcannegre.cat\/es\/#website","url":"https:\/\/centrejujolcannegre.cat\/es\/","name":"Plataforma Centre Jujol - Can Negre","description":"Plataforma de venta d&#039;entradas d&#039;activitats, exposicions i circuits culturals a Museus i l&#039;Escola d&#039;Art de de Sant Joan Desp\u00ed","publisher":{"@id":"https:\/\/centrejujolcannegre.cat\/es\/#organization"},"potentialAction":[{"@type":"SearchAction","target":{"@type":"EntryPoint","urlTemplate":"https:\/\/centrejujolcannegre.cat\/es\/?s={search_term_string}"},"query-input":{"@type":"PropertyValueSpecification","valueRequired":true,"valueName":"search_term_string"}}],"inLanguage":"es"},{"@type":"Organization","@id":"https:\/\/centrejujolcannegre.cat\/es\/#organization","name":"Centre Jujol - Can Negre","url":"https:\/\/centrejujolcannegre.cat\/es\/","logo":{"@type":"ImageObject","inLanguage":"es","@id":"https:\/\/centrejujolcannegre.cat\/es\/#\/schema\/logo\/image\/","url":"https:\/\/centrejujolcannegre.cat\/wp-content\/uploads\/2024\/05\/logo-centre-jujol-can-negre.svg","contentUrl":"https:\/\/centrejujolcannegre.cat\/wp-content\/uploads\/2024\/05\/logo-centre-jujol-can-negre.svg","caption":"Centre Jujol - Can Negre"},"image":{"@id":"https:\/\/centrejujolcannegre.cat\/es\/#\/schema\/logo\/image\/"},"sameAs":["https:\/\/www.facebook.com\/cannegre","https:\/\/x.com\/cannegresjd"]}]}},"taxonomy_info":{"product_cat":[{"value":361,"label":"Otras rutas festivo"}]},"featured_image_src_large":["https:\/\/centrejujolcannegre.cat\/wp-content\/uploads\/2025\/02\/WhatsApp-Image-2024-12-20-at-17.18.49-7-2-1024x768.jpeg",1024,768,true],"author_info":[],"comment_info":"","_links":{"self":[{"href":"https:\/\/centrejujolcannegre.cat\/es\/wp-json\/wp\/v2\/product\/9850","targetHints":{"allow":["GET"]}}],"collection":[{"href":"https:\/\/centrejujolcannegre.cat\/es\/wp-json\/wp\/v2\/product"}],"about":[{"href":"https:\/\/centrejujolcannegre.cat\/es\/wp-json\/wp\/v2\/types\/product"}],"wp:featuredmedia":[{"embeddable":true,"href":"https:\/\/centrejujolcannegre.cat\/es\/wp-json\/wp\/v2\/media\/14398"}],"wp:attachment":[{"href":"https:\/\/centrejujolcannegre.cat\/es\/wp-json\/wp\/v2\/media?parent=9850"}],"wp:term":[{"taxonomy":"product_brand","embeddable":true,"href":"https:\/\/centrejujolcannegre.cat\/es\/wp-json\/wp\/v2\/product_brand?post=9850"},{"taxonomy":"product_cat","embeddable":true,"href":"https:\/\/centrejujolcannegre.cat\/es\/wp-json\/wp\/v2\/product_cat?post=9850"},{"taxonomy":"product_tag","embeddable":true,"href":"https:\/\/centrejujolcannegre.cat\/es\/wp-json\/wp\/v2\/product_tag?post=9850"}],"curies":[{"name":"wp","href":"https:\/\/api.w.org\/{rel}","templated":true}]}}